{"id":9691,"date":"2021-10-23T16:39:12","date_gmt":"2021-10-23T14:39:12","guid":{"rendered":"https:\/\/www.kitciel.com\/vertraulichkeit\/"},"modified":"2021-10-23T16:39:12","modified_gmt":"2021-10-23T14:39:12","slug":"vertraulichkeit","status":"publish","type":"page","link":"https:\/\/www.kitciel.com\/de\/vertraulichkeit\/","title":{"rendered":"Vertraulichkeit"},"content":{"rendered":"<h1>Datenschutz-Bestimmungen<\/h1>\n<p>Unser Ziel ist es, dass Sie sich auf unserer Website sicher f\u00fchlen und der Schutz Ihrer Privatsph\u00e4re und Pers\u00f6nlichkeitsrechte ist uns wichtig. Bitte lesen Sie daher die folgende Zusammenfassung der Funktionsweise unserer Website sorgf\u00e4ltig durch. Sie k\u00f6nnen sich darauf verlassen, dass Ihre Daten transparent und fair behandelt werden, und wir werden uns bem\u00fchen, mit Ihren Daten seri\u00f6s und verantwortungsbewusst umzugehen. Diese Datenschutzerkl\u00e4rung soll Sie dar\u00fcber informieren, wie wir Ihre personenbezogenen Daten verwenden. Wir haben uns strikt an die Vorgaben des Bundesdatenschutzgesetzes und der Datenschutzgrundverordnung (DSGVO) gehalten.<\/p>\n<p>Verantwortlicher f\u00fcr Datenverarbeitung und -schutz<\/p>\n<p>Metrac Int SA<br \/>\n1336A CH de Waterloo<br \/>\n1180 Br\u00fcssel<br \/>\ninfo@kitciel.com<\/p>\n<p>Wir verarbeiten personenbezogene Daten in Bezug auf:<\/p>\n<ul>\n<li>an Vertreter unserer Kunden;<\/li>\n<li>an unsere Kunden;<\/li>\n<li>an Vertreter unserer Lieferanten;<\/li>\n<li>Kandidaten f\u00fcr eine Stelle bei uns;<\/li>\n<li>an Besucher [von kitciel.com und unseren Arbeitspl\u00e4tzen; und\n<li>an andere betroffene Personen (die &#8222;<strong> Betroffene<\/strong> &#8222;,&#8220;<strong> Sie<\/strong> &#8222;,&#8220;<strong> dein dein<\/strong> &#8222;).<\/li>\n<p>Diese Datenschutzerkl\u00e4rung (die &#8222;<strong> Politik<\/strong> \u201c) Gilt f\u00fcr jede Verarbeitung Ihrer personenbezogenen Daten, die wir durchf\u00fchren.<\/p>\n<h2><strong>Was ist unsere Verpflichtung zum Datenschutz?<\/strong><\/h2>\n<p>Wir verpflichten uns, uns nach besten Kr\u00e4ften zu bem\u00fchen, unsere Aktivit\u00e4ten zur Verarbeitung personenbezogener Daten mit den geltenden Datenschutzgesetzen, einschlie\u00dflich der Verordnung (EU) 2016\/679 zum Schutz nat\u00fcrlicher Personen \u201ebei der Verarbeitung personenbezogener Daten und dem freien Verkehr solcher\u201c in Einklang zu bringen Daten und zur Aufhebung der Richtlinie 95\/46 \/ EG (Datenschutz-Grundverordnung) (die &#8220; <strong>DSGVO<\/strong> &#8222;) und das Gesetz vom 30. Juli 2018 zum Schutz nat\u00fcrlicher Personen bei der Verarbeitung personenbezogener Daten in der von Zeit zu Zeit ge\u00e4nderten, erg\u00e4nzten oder ersetzten (das&#8220;<strong> Anwendbares Datenschutzrecht<\/strong> &#8222;).<\/p>\n<h2><strong>Zu welchen Zwecken verarbeiten wir Ihre personenbezogenen Daten?<\/strong><\/h2>\n<p>Wenn Sie der Vertreter eines unserer Kunden sind, k\u00fcmmern wir uns um:<\/p>\n<ul>\n<li>Ihre pers\u00f6nlichen Identifikationsdaten, Ihre beruflichen Identifikationsdaten und Ihre Kontaktdaten f\u00fcr die Aktivierung, Verwaltung und Pflege unserer Gesch\u00e4ftsbeziehung mit unseren Kunden;<\/li>\n<li>Ihre pers\u00f6nlichen Identifikationsdaten und Ihre beruflichen Identifikationsdaten, um die Abrechnung unserer Kunden zu organisieren;<\/li>\n<li>gegebenenfalls Ihre Bankverbindung, um die Zahlung von Rechnungen im Zusammenhang mit unserem Service zu \u00fcberpr\u00fcfen;<\/li>\n<li>ggf. Ihre pers\u00f6nlichen Identifikationsdaten, Ihre beruflichen Identifikationsdaten und Ihre Kontaktdaten f\u00fcr den Versand von Mitteilungen zu Marketingzwecken;<\/li>\n<\/ul>\n<p>&nbsp;<\/p>\n<p>Wenn Sie Vertreter eines unserer Lieferanten sind, verarbeiten wir Ihre pers\u00f6nlichen Identifikationsdaten, Ihre beruflichen Identifikationsdaten und Ihre Kontaktdaten zur Abwicklung unserer Gesch\u00e4ftsbeziehung mit unseren Lieferanten.<\/p>\n<p>Wenn Sie sich f\u00fcr eine Stelle bei uns bewerben, verarbeiten wir Ihre pers\u00f6nlichen Identifikationsdaten, Ihre beruflichen Identifikationsdaten, Ihre Kontaktdaten, Daten zu Ihrem Berufsleben (F\u00e4higkeiten, Qualifikationen, Erfahrungen etc.) und die in Ihren Angaben enthaltenen personenbezogenen Daten <em>Lebenslauf<\/em> um Ihr Profil im Hinblick auf unseren Rekrutierungsbedarf zu bewerten.<\/p>\n<p>Wenn Sie unsere Website besuchen, k\u00f6nnen wir elektronische Identifikationsdaten \u00fcber Sie in aggregierter Form verarbeiten, um die H\u00e4ufigkeit auf unserer Website zu messen, das Surferlebnis zu verbessern und um Betrug und Sicherheitsverletzungen zu erkennen und zu verhindern.<\/p>\n<p>Wenn unsere Arbeitspl\u00e4tze mit \u00dcberwachungskameras ausgestattet sind, k\u00f6nnen wir nur dann Zugang zu den Sie betreffenden Bildern verlangen, wenn dieser Zugang zur Verfolgung unseres berechtigten Interesses an der Aufdeckung von Straftaten oder Anst\u00f6\u00dfigkeit erforderlich ist und soweit dies nach geltendem Recht zul\u00e4ssig ist.<\/p>\n<p>Wir werden einige Ihrer personenbezogenen Daten wahrscheinlich auch f\u00fcr die folgenden Zwecke verarbeiten:<\/p>\n<ul>\n<li>Durchf\u00fchrung von Restrukturierungsoperationen unserer Aktivit\u00e4ten;<\/li>\n<li>interne und externe Audits durchf\u00fchren;<\/li>\n<li>bei der Bearbeitung von Streitigkeiten mit betroffenen Personen und wenn die Verarbeitung zur Geltendmachung, Aus\u00fcbung oder Verteidigung von Rechtsanspr\u00fcchen erforderlich ist.<\/li>\n<\/ul>\n<p>Wir unterwerfen die betroffenen Personen keinen ausschlie\u00dflich auf einer automatisierten Verarbeitung beruhenden Entscheidungen, die ihnen gegen\u00fcber rechtliche Wirkung entfalten oder sie in \u00e4hnlicher Weise beeintr\u00e4chtigen.<\/p>\n<h2><strong>Wie verarbeiten wir Ihre personenbezogenen Daten?<\/strong><\/h2>\n<p>Wir verarbeiten Ihre personenbezogenen Daten als Verantwortlicher. In diesem Zusammenhang bestimmen wir die Zwecke und Mittel der Verarbeitung Ihrer personenbezogenen Daten.<\/p>\n<h2><strong>Aus welchen Gr\u00fcnden verarbeiten wir Ihre personenbezogenen Daten?<\/strong><\/h2>\n<p>Die Bereitstellung Ihrer personenbezogenen Daten kann erforderlich sein:<\/p>\n<ul>\n<li>die Erf\u00fcllung eines Vertrages, dessen Vertragspartei die betroffene Person ist, oder die Durchf\u00fchrung vorvertraglicher Ma\u00dfnahmen, die auf Ihren Wunsch hin getroffen werden (z. B. im Falle einer Bewerbung um eine Anstellung bei uns);<\/li>\n<li>Einhaltung einer f\u00fcr uns geltenden gesetzlichen Verpflichtung (z. B. in Bezug auf Buchhaltung, Besteuerung usw.);<\/li>\n<li>zur Verfolgung unserer berechtigten Interessen (oder der eines Datenempf\u00e4ngers), sofern diese Interessen Vorrang vor Ihren Grundrechten und -freiheiten haben.<\/li>\n<\/ul>\n<p>Wir bitten um Ihre vorherige, kostenlose und informierte Zustimmung, bevor wir mit der Verarbeitung einiger Ihrer personenbezogenen Daten fortfahren (z. B. wenn die Verarbeitung Ihrer Daten eine \u00dcbertragung Ihrer Bildrechte beinhaltet).<\/p>\n<p>Die Bereitstellung einiger Ihrer personenbezogenen Daten (z. B. Ihrer pers\u00f6nlichen Identifikationsdaten usw.) bedingt unsere F\u00e4higkeit, Ihnen unsere Dienstleistungen zu erbringen oder unsere Aktivit\u00e4ten auszuf\u00fchren.<\/p>\n<p>Die m\u00f6glichen Folgen der Nichtbereitstellung Ihrer personenbezogenen Daten k\u00f6nnen unsere Unf\u00e4higkeit sein, Ihnen unseren Service bereitzustellen oder unsere Aktivit\u00e4ten auszuf\u00fchren, oder ein Versto\u00df unsererseits gegen eine oder mehrere Verpflichtungen nach geltendem Recht (z. B. Rechnungslegungs- und Steuergesetze).<\/p>\n<h2><strong>Woher stammen Ihre personenbezogenen Daten?<\/strong><\/h2>\n<p>Die von uns verarbeiteten personenbezogenen Daten stammen aus folgenden Quellen:<\/p>\n<ul>\n<li>direkt von Ihnen, zum Beispiel beim ersten Kontakt mit Ihnen;<\/li>\n<li>aus \u00f6ffentlich zug\u00e4nglichen Informationen (im Internet), beispielsweise wenn wir das Profil von Kandidaten f\u00fcr eine Stelle bei uns pr\u00fcfen.<\/li>\n<\/ul>\n<h2><strong>Wer hat Zugriff auf Ihre personenbezogenen Daten?<\/strong><\/h2>\n<p>Die folgenden Empf\u00e4nger werden voraussichtlich einige Ihrer personenbezogenen Daten erhalten oder Zugriff darauf haben (nur wenn dies zur Erf\u00fcllung ihrer Aufgabe erforderlich ist):<\/p>\n<ul>\n<li>[Mitglieder unseres Personals, die f\u00fcr die kaufm\u00e4nnische und administrative Nachverfolgung zust\u00e4ndig sind, haben Zugriff auf pers\u00f6nliche Identifikationsdaten, berufliche Identifikationsdaten und Kontaktdaten unserer Kunden oder unserer Kundenvertreter;<\/li>\n<li>die Mitglieder unseres Teams, die f\u00fcr die \u00dcberwachung unserer Lieferanten verantwortlich sind, haben Zugriff auf pers\u00f6nliche Identifikationsdaten, berufliche Identifikationsdaten und Kontaktdaten von Vertretern unserer Lieferanten;<\/li>\n<li>unsere Rechtsberater und Anw\u00e4lte haben im Rahmen von Operationen zur Umstrukturierung unserer Aktivit\u00e4ten oder in Rechtsstreitigkeiten Zugriff auf bestimmte personenbezogene Daten der betroffenen Personen.<\/li>\n<\/ul>\n<p>Wir beauftragen die Verarbeitung einiger Ihrer personenbezogenen Daten an Subunternehmer nur, soweit dies zur Erf\u00fcllung ihrer Aufgaben erforderlich ist und in \u00dcbereinstimmung mit unseren schriftlichen Anweisungen und den geltenden Datenschutzgesetzen.<\/p>\n<p>Im Falle einer Restrukturierungstransaktion (z. B. einer Finanzierungstransaktion) k\u00f6nnen wir gem\u00e4\u00df den geltenden Datenschutzbestimmungen bestimmte personenbezogene Daten einer begrenzten Anzahl von betroffenen Personen an einen an der Transaktion beteiligten Dritten (z. B. eine Bank) \u00fcbermitteln Gesetzgebung.<\/p>\n<h2><strong>Wie managen wir Subunternehmer?<\/strong><\/h2>\n<p>Wir ergreifen geeignete Ma\u00dfnahmen, um sicherzustellen, dass unsere Auftragsverarbeiter Ihre personenbezogenen Daten in \u00dcbereinstimmung mit dem geltenden Datenschutzrecht verarbeiten.<\/p>\n<p>Wir stellen unter anderem sicher, dass sich unsere Subunternehmer verpflichten, personenbezogene Daten nur nach unserer Weisung zu verarbeiten, keinen anderen Subunternehmer ohne unsere vorherige Zustimmung zu beauftragen, geeignete technische und organisatorische Ma\u00dfnahmen zu treffen, um die Sicherheit der personenbezogenen Daten zu gew\u00e4hrleisten, die Personen, die zum Zugriff auf personenbezogene Daten berechtigt sind, unterliegen angemessenen Vertraulichkeitsverpflichtungen, die von ihnen verarbeiteten personenbezogenen Daten nach Beendigung ihrer Dienste zur\u00fcckzugeben und \/ oder zu vernichten, Pr\u00fcfungen nachzukommen und uns bei der Bearbeitung von Anfragen betroffener Personen bez\u00fcglich die Aus\u00fcbung ihrer Rechte in Bezug auf ihre personenbezogenen Daten.<\/p>\n<h2><strong>Wo verarbeiten wir Ihre personenbezogenen Daten?<\/strong><\/h2>\n<p>[Einige Empf\u00e4nger personenbezogener Daten k\u00f6nnen Organisationen mit Sitz in einem Land au\u00dferhalb des Europ\u00e4ischen Wirtschaftsraums sein (&#8222;<strong> EEE<\/strong> &#8222;) Oder um bestimmte personenbezogene Daten aus einem Land au\u00dferhalb des EWR zu verarbeiten.]<\/p>\n<p>F\u00fcr den Fall, dass Ihre personenbezogenen Daten in L\u00e4nder au\u00dferhalb des EWR \u00fcbertragen werden, sorgen wir f\u00fcr folgende Garantien:<\/p>\n<ul>\n<li>das Land, in das die personenbezogenen Daten \u00fcbermittelt werden, von einem Angemessenheitsbeschluss der Europ\u00e4ischen Kommission gem\u00e4\u00df Artikel 45 der DSGVO profitiert hat und die \u00dcbermittlung in den Anwendungsbereich dieses \u201eAngemessenheitsbeschlusses\u201c f\u00e4llt;<\/li>\n<li>wir haben mit dem Empf\u00e4nger der personenbezogenen Daten einen Vertrag mit den von der Europ\u00e4ischen Kommission gem\u00e4\u00df Artikel 47 DSGVO verabschiedeten Standardvertragsklauseln zum Schutz personenbezogener Daten abgeschlossen; Woher<\/li>\n<li>im Falle einer \u00dcbermittlung in die USA ist der Empf\u00e4nger der personenbezogenen Daten gem\u00e4\u00df Artikel 45 der DSGVO f\u00fcr das EU-US-Privacy-Shield-Programm zertifiziert und die \u00dcbermittlung f\u00e4llt in den Anwendungsbereich des EU-US-Privacy-Shield-Programms .<\/li>\n<\/ul>\n<h2><strong>Welche Aufbewahrungsfristen gelten?<\/strong><\/h2>\n<p>Wir stellen sicher, dass Ihre personenbezogenen Daten nur f\u00fcr einen Zeitraum aufbewahrt werden, der die f\u00fcr die Zwecke, f\u00fcr die sie verarbeitet werden, erforderliche Zeit nicht \u00fcberschreitet.<\/p>\n<p>Wir bewahren Rechnungen und andere Buchhaltungsunterlagen (die einige Ihrer personenbezogenen Daten enthalten k\u00f6nnen) f\u00fcr einen Zeitraum von sieben (7) Jahren ab dem Ausstellungsdatum gem\u00e4\u00df dem Rechnungslegungsgesetz auf. Diese Buchhaltungsunterlagen k\u00f6nnen gegebenenfalls bestimmte pers\u00f6nliche Identifizierungsdaten, bestimmte berufliche Identifizierungsdaten und bestimmte Kontaktdaten enthalten.<\/p>\n<p>Dar\u00fcber hinaus verwenden wir die folgenden Kriterien, um die Aufbewahrungsdauer personenbezogener Daten abh\u00e4ngig vom Kontext und den Zwecken jeder Verarbeitung zu bestimmen:<\/p>\n<ul>\n<li>das Datum unseres letzten Kontakts;<\/li>\n<li>Sicherheitsgr\u00fcnde (zum Beispiel die Sicherheit unserer Informationssysteme);<\/li>\n<li>alle laufenden oder potenziellen Streitigkeiten oder Rechtsstreitigkeiten mit einer betroffenen Person;<\/li>\n<li>eine gesetzliche Verpflichtung zur Speicherung oder L\u00f6schung personenbezogener Daten (z.B. eine Aufbewahrungspflicht aufgrund eines Rechnungslegungs- oder Steuergesetzes).<\/li>\n<\/ul>\n<h2><strong>Welche Rechte haben Sie?<\/strong><\/h2>\n<p>Vorbehaltlich der geltenden Datenschutzgesetze haben Sie das Recht auf Auskunft, das Recht auf Auskunft, Berichtigung und L\u00f6schung Ihrer personenbezogenen Daten, das Recht auf Widerspruch oder Einschr\u00e4nkung der Verarbeitung Ihrer personenbezogenen Daten, ein Recht auf \u00dcbertragbarkeit personenbezogener Daten und das Recht, Ihre Einwilligung zu widerrufen.<\/p>\n<p>Nachfolgend finden Sie eine Tabelle, in der jedes Ihrer Rechte detaillierter beschrieben wird:<\/p>\n<table width=\"575\">\n<tbody>\n<tr>\n<td width=\"127\"><strong>Gesetz<\/strong><\/td>\n<td width=\"448\"><strong>Beschreibung<\/strong><\/td>\n<\/tr>\n<tr>\n<td width=\"127\">Das Recht auf Auskunft<\/td>\n<td width=\"448\">Sie haben das Recht, klare, transparente und verst\u00e4ndliche Informationen dar\u00fcber zu erhalten, wie wir Ihre personenbezogenen Daten verarbeiten und Ihre Rechte aus\u00fcben. Diese Informationen sind in der Richtlinie enthalten. Sollten diese nicht ausreichend klar sein, bitten wir Sie, sich mit uns in Verbindung zu setzen (\u00fcber unsere in der Richtlinie angegebenen Kontaktdaten).<\/td>\n<\/tr>\n<tr>\n<td width=\"127\">Das Zugangsrecht<\/td>\n<td width=\"448\">Sie haben das Recht, eine Best\u00e4tigung dar\u00fcber zu verlangen, ob Sie betreffende personenbezogene Daten verarbeitet werden oder nicht und ggf. auf diese personenbezogenen Daten zuzugreifen. Sie haben das Recht, eine Kopie Ihrer personenbezogenen Daten zu erhalten, es sei denn, die Aus\u00fcbung dieses Rechts verletzt die Rechte und Freiheiten anderer.<\/td>\n<\/tr>\n<tr>\n<td width=\"127\">Das Recht auf Berichtigung<\/td>\n<td width=\"448\">Sie haben das Recht, die Berichtigung Sie betreffender personenbezogener Daten zu verlangen, wenn sich diese als unrichtig herausstellen. Sie haben auch das Recht, Ihre personenbezogenen Daten vervollst\u00e4ndigen zu lassen, wenn sich herausstellt, dass diese unvollst\u00e4ndig sind.<\/td>\n<\/tr>\n<tr>\n<td width=\"127\">Das Recht auf L\u00f6schung (das \u201eRecht auf Vergessenwerden\u201c)<\/td>\n<td width=\"448\">Sie haben das Recht, Ihre personenbezogenen Daten l\u00f6schen zu lassen. Das Recht auf L\u00f6schung (oder das \u201eRecht auf Vergessenwerden\u201c) ist jedoch nicht absolut und unterliegt bestimmten Bedingungen. Es ist wahrscheinlich, dass wir einige Ihrer personenbezogenen Daten im gesetzlich zul\u00e4ssigen Umfang aufbewahren, insbesondere wenn deren Verarbeitung zur Erf\u00fcllung einer rechtlichen Verpflichtung, der wir unterliegen, oder zur Wahrung, Aus\u00fcbung oder Verteidigung eines Rechts auf Gericht.<\/td>\n<\/tr>\n<tr>\n<td width=\"127\">Recht auf Widerspruch gegen die Verarbeitung<\/td>\n<td width=\"448\">Sie haben das Recht, bestimmten Arten der Verarbeitung zu widersprechen (wenn die Verarbeitung auf unseren berechtigten Interessen beruht und unter Ber\u00fccksichtigung Ihrer besonderen Situation Ihre Interessen oder Grundrechte und Grundfreiheiten \u00fcberwiegen).<\/td>\n<\/tr>\n<tr>\n<td width=\"127\">Recht auf Widerspruch gegen die Verarbeitung zu Prospektionszwecken<\/td>\n<td width=\"448\">Sie haben das Recht, jederzeit Widerspruch gegen die Verarbeitung Ihrer personenbezogenen Daten einzulegen, wenn wir diese Daten zu Prospektionszwecken verarbeiten.<\/td>\n<\/tr>\n<tr>\n<td width=\"127\">Das Recht auf Einschr\u00e4nkung der Verarbeitung<\/td>\n<td width=\"448\">Sie haben das Recht, unter bestimmten Umst\u00e4nden die Einschr\u00e4nkung der Verarbeitung zu verlangen (z. B. wenn wir Ihre personenbezogenen Daten nicht mehr ben\u00f6tigen, diese aber noch zur Geltendmachung, Aus\u00fcbung oder Verteidigung eines Rechtsanspruchs erforderlich sind).<\/td>\n<\/tr>\n<tr>\n<td width=\"127\">Das Recht auf \u00dcbertragbarkeit personenbezogener Daten<\/td>\n<td width=\"448\">Sie haben unter bestimmten Voraussetzungen das Recht, die Sie betreffenden personenbezogenen Daten, die Sie uns bereitgestellt haben, in einem strukturierten, g\u00e4ngigen und maschinenlesbaren Format zu erhalten und an einen anderen Verantwortlichen zu \u00fcbermitteln.<\/td>\n<\/tr>\n<tr>\n<td width=\"127\">Das Recht, Ihre Einwilligung zu widerrufen<\/td>\n<td width=\"448\">Sofern Sie uns Ihre Einwilligung zur Verarbeitung Ihrer personenbezogenen Daten erteilt haben, haben Sie das Recht, diese jederzeit zu widerrufen.<\/td>\n<\/tr>\n<\/tbody>\n<\/table>\n<p>&nbsp;<\/p>\n<p>Bitte senden Sie alle Anfragen zu Ihren Rechten in Bezug auf Ihre personenbezogenen Daten, die wir als Datenverantwortlicher verarbeiten, an unser[D\u00e9l\u00e9gu\u00e9 \u00e0 la Protection des Donn\u00e9es][personne de contact pour toute question relative \u00e0 la protection des donn\u00e9es] unter Verwendung ihrer Kontaktdaten, die in der Richtlinie aufgef\u00fchrt sind. Wir verpflichten uns, Ihre Anfrage so schnell wie m\u00f6glich und immer innerhalb der von den geltenden Datenschutzgesetzen vorgesehenen Fristen zu beantworten. Bitte beachten Sie, dass wir Ihre personenbezogenen Daten f\u00fcr bestimmte Zwecke aufbewahren k\u00f6nnen, wenn dies gesetzlich vorgeschrieben oder zul\u00e4ssig ist. Bitte beachten Sie abschlie\u00dfend, dass wir Sie bei Zweifeln an Ihrer Identit\u00e4t um einen Identit\u00e4tsnachweis bitten k\u00f6nnen, um einen unbefugten Zugriff auf Ihre personenbezogenen Daten zu verhindern.<\/p>\n<h2><strong>Welche Sicherheitsstufe bieten wir?<\/strong><\/h2>\n<p>Wir treffen geeignete technische und organisatorische Ma\u00dfnahmen, um ein den Risiken der Verarbeitung Ihrer personenbezogenen Daten angepasstes Sicherheitsniveau zu gew\u00e4hrleisten.<\/p>\n<p>Wir befolgen die Best Practices der Branche, um sicherzustellen, dass personenbezogene Daten nicht versehentlich oder unrechtm\u00e4\u00dfig zerst\u00f6rt, verloren, ver\u00e4ndert, unbefugt offengelegt oder auf unbefugte Weise abgerufen werden.<\/p>\n<h2><strong>Sie haben Fragen oder Beschwerden?<\/strong><\/h2>\n<p>Sollten Sie Fragen oder Beschwerden zur Verarbeitung Ihrer personenbezogenen Daten durch uns haben, wenden Sie sich bitte vorab an unseren Beauftragten unter unserem Ansprechpartner f\u00fcr datenschutzrechtliche Fragen unter den angegebenen Kontaktdaten in der Politik.<\/p>\n<p>Sie haben das Recht, eine Beschwerde bei der zust\u00e4ndigen Aufsichtsbeh\u00f6rde einzureichen. Die zust\u00e4ndige Beh\u00f6rde f\u00fcr Belgien ist: Datenschutzbeh\u00f6rde, rue de la presse 35, 1000 Br\u00fcssel, +32 (0) 2 274 48 00,<a href=\"mailto:contact@apd-gba.be\"> contact@apd-gba.be<\/a> .<\/p>\n<h2><strong>Etwas anderes ?<\/strong><\/h2>\n<p>Wir behalten uns das Recht vor, die Richtlinie von Zeit zu Zeit zu aktualisieren. Wir informieren Sie \u00fcber alle \u00c4nderungen, die wir m\u00f6glicherweise an der Richtlinie vornehmen m\u00fcssen.<\/p>\n<p>Im Falle eines Konflikts oder einer Unvereinbarkeit zwischen einer Bestimmung der Richtlinie und einer Bestimmung einer anderen Richtlinie oder eines anderen Dokuments in Bezug auf die Verarbeitung personenbezogener Daten hat die Bestimmung der Richtlinie Vorrang.<\/p>\n","protected":false},"excerpt":{"rendered":"<p>Datenschutz-Bestimmungen Unser Ziel ist es, dass Sie sich auf unserer Website sicher f\u00fchlen und der Schutz Ihrer Privatsph\u00e4re und Pers\u00f6nlichkeitsrechte ist uns wichtig. Bitte lesen Sie daher die folgende Zusammenfassung der Funktionsweise unserer Website sorgf\u00e4ltig durch. Sie k\u00f6nnen sich darauf verlassen, dass Ihre Daten transparent und fair behandelt werden, und wir werden uns bem\u00fchen, mit [&hellip;]<\/p>\n","protected":false},"author":281,"featured_media":0,"parent":0,"menu_order":0,"comment_status":"closed","ping_status":"closed","template":"","meta":{"footnotes":""},"class_list":["post-9691","page","type-page","status-publish","hentry"],"yoast_head":"<!-- This site is optimized with the Yoast SEO plugin v27.5 - https:\/\/yoast.com\/product\/yoast-seo-wordpress\/ -->\n<title>Vertraulichkeit - Kitciel.com - Expert en \u00c9clairage Fibre Optique et LED<\/title>\n<meta name=\"robots\" content=\"index, follow, max-snippet:-1, max-image-preview:large, max-video-preview:-1\" \/>\n<link rel=\"canonical\" href=\"https:\/\/www.kitciel.com\/de\/vertraulichkeit\/\" \/>\n<meta property=\"og:locale\" content=\"de_DE\" \/>\n<meta property=\"og:type\" content=\"article\" \/>\n<meta property=\"og:title\" content=\"Vertraulichkeit - Kitciel.com - Expert en \u00c9clairage Fibre Optique et LED\" \/>\n<meta property=\"og:description\" content=\"Datenschutz-Bestimmungen Unser Ziel ist es, dass Sie sich auf unserer Website sicher f\u00fchlen und der Schutz Ihrer Privatsph\u00e4re und Pers\u00f6nlichkeitsrechte ist uns wichtig. Bitte lesen Sie daher die folgende Zusammenfassung der Funktionsweise unserer Website sorgf\u00e4ltig durch. Sie k\u00f6nnen sich darauf verlassen, dass Ihre Daten transparent und fair behandelt werden, und wir werden uns bem\u00fchen, mit [&hellip;]\" \/>\n<meta property=\"og:url\" content=\"https:\/\/www.kitciel.com\/de\/vertraulichkeit\/\" \/>\n<meta property=\"og:site_name\" content=\"Kitciel.com - Expert en \u00c9clairage Fibre Optique et LED\" \/>\n<meta property=\"article:publisher\" content=\"https:\/\/www.facebook.com\/kitfibre\" \/>\n<meta name=\"twitter:card\" content=\"summary_large_image\" \/>\n<meta name=\"twitter:label1\" content=\"Gesch\u00e4tzte Lesezeit\" \/>\n\t<meta name=\"twitter:data1\" content=\"11\u00a0Minuten\" \/>\n<script type=\"application\/ld+json\" class=\"yoast-schema-graph\">{\"@context\":\"https:\\\/\\\/schema.org\",\"@graph\":[{\"@type\":\"WebPage\",\"@id\":\"https:\\\/\\\/www.kitciel.com\\\/de\\\/vertraulichkeit\\\/\",\"url\":\"https:\\\/\\\/www.kitciel.com\\\/de\\\/vertraulichkeit\\\/\",\"name\":\"Vertraulichkeit - Kitciel.com - Expert en \u00c9clairage Fibre Optique et LED\",\"isPartOf\":{\"@id\":\"https:\\\/\\\/www.kitciel.com\\\/de\\\/#website\"},\"datePublished\":\"2021-10-23T14:39:12+00:00\",\"breadcrumb\":{\"@id\":\"https:\\\/\\\/www.kitciel.com\\\/de\\\/vertraulichkeit\\\/#breadcrumb\"},\"inLanguage\":\"de\",\"potentialAction\":[{\"@type\":\"ReadAction\",\"target\":[\"https:\\\/\\\/www.kitciel.com\\\/de\\\/vertraulichkeit\\\/\"]}]},{\"@type\":\"BreadcrumbList\",\"@id\":\"https:\\\/\\\/www.kitciel.com\\\/de\\\/vertraulichkeit\\\/#breadcrumb\",\"itemListElement\":[{\"@type\":\"ListItem\",\"position\":1,\"name\":\"Accueil\",\"item\":\"https:\\\/\\\/www.kitciel.com\\\/de\\\/\"},{\"@type\":\"ListItem\",\"position\":2,\"name\":\"Vertraulichkeit\"}]},{\"@type\":\"WebSite\",\"@id\":\"https:\\\/\\\/www.kitciel.com\\\/de\\\/#website\",\"url\":\"https:\\\/\\\/www.kitciel.com\\\/de\\\/\",\"name\":\"Kitciel.com - Expert en \u00c9clairage Fibre Optique et LED\",\"description\":\"\u00c9clairage LED et Fibre Optique pour Ciel \u00c9toil\u00e9\",\"publisher\":{\"@id\":\"https:\\\/\\\/www.kitciel.com\\\/de\\\/#organization\"},\"potentialAction\":[{\"@type\":\"SearchAction\",\"target\":{\"@type\":\"EntryPoint\",\"urlTemplate\":\"https:\\\/\\\/www.kitciel.com\\\/de\\\/?s={search_term_string}\"},\"query-input\":{\"@type\":\"PropertyValueSpecification\",\"valueRequired\":true,\"valueName\":\"search_term_string\"}}],\"inLanguage\":\"de\"},{\"@type\":\"Organization\",\"@id\":\"https:\\\/\\\/www.kitciel.com\\\/de\\\/#organization\",\"name\":\"Kitciel.com\",\"url\":\"https:\\\/\\\/www.kitciel.com\\\/de\\\/\",\"logo\":{\"@type\":\"ImageObject\",\"inLanguage\":\"de\",\"@id\":\"https:\\\/\\\/www.kitciel.com\\\/de\\\/#\\\/schema\\\/logo\\\/image\\\/\",\"url\":\"https:\\\/\\\/www.kitciel.com\\\/wp-content\\\/uploads\\\/2020\\\/05\\\/Sans-titre-1-paiement-paypal.png\",\"contentUrl\":\"https:\\\/\\\/www.kitciel.com\\\/wp-content\\\/uploads\\\/2020\\\/05\\\/Sans-titre-1-paiement-paypal.png\",\"width\":150,\"height\":50,\"caption\":\"Kitciel.com\"},\"image\":{\"@id\":\"https:\\\/\\\/www.kitciel.com\\\/de\\\/#\\\/schema\\\/logo\\\/image\\\/\"},\"sameAs\":[\"https:\\\/\\\/www.facebook.com\\\/kitfibre\",\"https:\\\/\\\/www.instagram.com\\\/kit.ciel\"]}]}<\/script>\n<!-- \/ Yoast SEO plugin. -->","yoast_head_json":{"title":"Vertraulichkeit - Kitciel.com - Expert en \u00c9clairage Fibre Optique et LED","robots":{"index":"index","follow":"follow","max-snippet":"max-snippet:-1","max-image-preview":"max-image-preview:large","max-video-preview":"max-video-preview:-1"},"canonical":"https:\/\/www.kitciel.com\/de\/vertraulichkeit\/","og_locale":"de_DE","og_type":"article","og_title":"Vertraulichkeit - Kitciel.com - Expert en \u00c9clairage Fibre Optique et LED","og_description":"Datenschutz-Bestimmungen Unser Ziel ist es, dass Sie sich auf unserer Website sicher f\u00fchlen und der Schutz Ihrer Privatsph\u00e4re und Pers\u00f6nlichkeitsrechte ist uns wichtig. Bitte lesen Sie daher die folgende Zusammenfassung der Funktionsweise unserer Website sorgf\u00e4ltig durch. Sie k\u00f6nnen sich darauf verlassen, dass Ihre Daten transparent und fair behandelt werden, und wir werden uns bem\u00fchen, mit [&hellip;]","og_url":"https:\/\/www.kitciel.com\/de\/vertraulichkeit\/","og_site_name":"Kitciel.com - Expert en \u00c9clairage Fibre Optique et LED","article_publisher":"https:\/\/www.facebook.com\/kitfibre","twitter_card":"summary_large_image","twitter_misc":{"Gesch\u00e4tzte Lesezeit":"11\u00a0Minuten"},"schema":{"@context":"https:\/\/schema.org","@graph":[{"@type":"WebPage","@id":"https:\/\/www.kitciel.com\/de\/vertraulichkeit\/","url":"https:\/\/www.kitciel.com\/de\/vertraulichkeit\/","name":"Vertraulichkeit - Kitciel.com - Expert en \u00c9clairage Fibre Optique et LED","isPartOf":{"@id":"https:\/\/www.kitciel.com\/de\/#website"},"datePublished":"2021-10-23T14:39:12+00:00","breadcrumb":{"@id":"https:\/\/www.kitciel.com\/de\/vertraulichkeit\/#breadcrumb"},"inLanguage":"de","potentialAction":[{"@type":"ReadAction","target":["https:\/\/www.kitciel.com\/de\/vertraulichkeit\/"]}]},{"@type":"BreadcrumbList","@id":"https:\/\/www.kitciel.com\/de\/vertraulichkeit\/#breadcrumb","itemListElement":[{"@type":"ListItem","position":1,"name":"Accueil","item":"https:\/\/www.kitciel.com\/de\/"},{"@type":"ListItem","position":2,"name":"Vertraulichkeit"}]},{"@type":"WebSite","@id":"https:\/\/www.kitciel.com\/de\/#website","url":"https:\/\/www.kitciel.com\/de\/","name":"Kitciel.com - Expert en \u00c9clairage Fibre Optique et LED","description":"\u00c9clairage LED et Fibre Optique pour Ciel \u00c9toil\u00e9","publisher":{"@id":"https:\/\/www.kitciel.com\/de\/#organization"},"potentialAction":[{"@type":"SearchAction","target":{"@type":"EntryPoint","urlTemplate":"https:\/\/www.kitciel.com\/de\/?s={search_term_string}"},"query-input":{"@type":"PropertyValueSpecification","valueRequired":true,"valueName":"search_term_string"}}],"inLanguage":"de"},{"@type":"Organization","@id":"https:\/\/www.kitciel.com\/de\/#organization","name":"Kitciel.com","url":"https:\/\/www.kitciel.com\/de\/","logo":{"@type":"ImageObject","inLanguage":"de","@id":"https:\/\/www.kitciel.com\/de\/#\/schema\/logo\/image\/","url":"https:\/\/www.kitciel.com\/wp-content\/uploads\/2020\/05\/Sans-titre-1-paiement-paypal.png","contentUrl":"https:\/\/www.kitciel.com\/wp-content\/uploads\/2020\/05\/Sans-titre-1-paiement-paypal.png","width":150,"height":50,"caption":"Kitciel.com"},"image":{"@id":"https:\/\/www.kitciel.com\/de\/#\/schema\/logo\/image\/"},"sameAs":["https:\/\/www.facebook.com\/kitfibre","https:\/\/www.instagram.com\/kit.ciel"]}]}},"_links":{"self":[{"href":"https:\/\/www.kitciel.com\/de\/wp-json\/wp\/v2\/pages\/9691","targetHints":{"allow":["GET"]}}],"collection":[{"href":"https:\/\/www.kitciel.com\/de\/wp-json\/wp\/v2\/pages"}],"about":[{"href":"https:\/\/www.kitciel.com\/de\/wp-json\/wp\/v2\/types\/page"}],"author":[{"embeddable":true,"href":"https:\/\/www.kitciel.com\/de\/wp-json\/wp\/v2\/users\/281"}],"replies":[{"embeddable":true,"href":"https:\/\/www.kitciel.com\/de\/wp-json\/wp\/v2\/comments?post=9691"}],"version-history":[{"count":0,"href":"https:\/\/www.kitciel.com\/de\/wp-json\/wp\/v2\/pages\/9691\/revisions"}],"wp:attachment":[{"href":"https:\/\/www.kitciel.com\/de\/wp-json\/wp\/v2\/media?parent=9691"}],"curies":[{"name":"wp","href":"https:\/\/api.w.org\/{rel}","templated":true}]}}